{"id":33696,"date":"2021-02-12T18:07:52","date_gmt":"2021-02-12T16:07:52","guid":{"rendered":"https:\/\/podcast.rs\/?page_id=33696"},"modified":"2022-05-06T12:18:57","modified_gmt":"2022-05-06T10:18:57","slug":"blog","status":"publish","type":"page","link":"https:\/\/podcast.rs\/en\/blog\/","title":{"rendered":"Blog"},"content":{"rendered":"\n<div class=\"wp-block-columns are-vertically-aligned-center is-layout-flex wp-container-core-columns-is-layout-9d6595d7 wp-block-columns-is-layout-flex\">\n<div class=\"wp-block-column is-vertically-aligned-center is-layout-flow wp-block-column-is-layout-flow\" style=\"flex-basis:100%\"><ul class=\"wp-block-latest-posts__list is-grid columns-3 has-dates wp-block-latest-posts\"><li><div class=\"wp-block-latest-posts__featured-image\"><a href=\"https:\/\/podcast.rs\/en\/otvoren-poziv-radionica-narativnog-podkastinga\/\" aria-label=\"Otvoren poziv: Radionica narativnog podkastinga\"><img fetchpriority=\"high\" decoding=\"async\" width=\"1024\" height=\"256\" src=\"https:\/\/podcast.rs\/wp-content\/uploads\/2025\/08\/Beograd-Avgust-Novembar-2025-1024x256.png\" class=\"attachment-large size-large wp-post-image\" alt=\"\" style=\"\" srcset=\"https:\/\/podcast.rs\/wp-content\/uploads\/2025\/08\/Beograd-Avgust-Novembar-2025-1024x256.png 1024w, https:\/\/podcast.rs\/wp-content\/uploads\/2025\/08\/Beograd-Avgust-Novembar-2025-300x75.png 300w, https:\/\/podcast.rs\/wp-content\/uploads\/2025\/08\/Beograd-Avgust-Novembar-2025-768x192.png 768w, https:\/\/podcast.rs\/wp-content\/uploads\/2025\/08\/Beograd-Avgust-Novembar-2025-1536x384.png 1536w, https:\/\/podcast.rs\/wp-content\/uploads\/2025\/08\/Beograd-Avgust-Novembar-2025-18x5.png 18w, https:\/\/podcast.rs\/wp-content\/uploads\/2025\/08\/Beograd-Avgust-Novembar-2025-350x88.png 350w, https:\/\/podcast.rs\/wp-content\/uploads\/2025\/08\/Beograd-Avgust-Novembar-2025-800x200.png 800w, https:\/\/podcast.rs\/wp-content\/uploads\/2025\/08\/Beograd-Avgust-Novembar-2025-400x100.png 400w, https:\/\/podcast.rs\/wp-content\/uploads\/2025\/08\/Beograd-Avgust-Novembar-2025.png 1600w\" sizes=\"(max-width: 1024px) 100vw, 1024px\" \/><\/a><\/div><a class=\"wp-block-latest-posts__post-title\" href=\"https:\/\/podcast.rs\/en\/otvoren-poziv-radionica-narativnog-podkastinga\/\">Otvoren poziv: Radionica narativnog podkastinga<\/a><time datetime=\"2025-08-21T11:00:08+02:00\" class=\"wp-block-latest-posts__post-date\">21\/08\/2025<\/time><div class=\"wp-block-latest-posts__post-excerpt\">Podcast.rs pokre\u0107e novi projekat \u201eInovacije u narativnom podkastingu za medijsku pismenost u Srbiji\u201c i otvara prijave za u\u010desnike. Ova podkast radionica je namenjena svima koji&#8230;<\/div><\/li>\n<li><div class=\"wp-block-latest-posts__featured-image\"><a href=\"https:\/\/podcast.rs\/en\/zasto-su-podkasti-pravi-format-za-drustveno-znacajne-teme\/\" aria-label=\"Za\u0161to su podkasti pravi format za dru\u0161tveno zna\u010dajne teme?\"><img decoding=\"async\" width=\"640\" height=\"427\" src=\"https:\/\/podcast.rs\/wp-content\/uploads\/2023\/11\/pravi-format.png\" class=\"attachment-large size-large wp-post-image\" alt=\"\" style=\"\" srcset=\"https:\/\/podcast.rs\/wp-content\/uploads\/2023\/11\/pravi-format.png 640w, https:\/\/podcast.rs\/wp-content\/uploads\/2023\/11\/pravi-format-300x200.png 300w, https:\/\/podcast.rs\/wp-content\/uploads\/2023\/11\/pravi-format-350x234.png 350w, https:\/\/podcast.rs\/wp-content\/uploads\/2023\/11\/pravi-format-400x267.png 400w\" sizes=\"(max-width: 640px) 100vw, 640px\" \/><\/a><\/div><a class=\"wp-block-latest-posts__post-title\" href=\"https:\/\/podcast.rs\/en\/zasto-su-podkasti-pravi-format-za-drustveno-znacajne-teme\/\">Za\u0161to su podkasti pravi format za dru\u0161tveno zna\u010dajne teme?<\/a><time datetime=\"2023-11-13T17:38:50+02:00\" class=\"wp-block-latest-posts__post-date\">13\/11\/2023<\/time><div class=\"wp-block-latest-posts__post-excerpt\">Podkasti su postali popularan format medijskog sadr\u017eaja, naro\u010dito kada je re\u010d o dru\u0161tveno zna\u010dajnim temama. Iako nisu zvani\u010dno medij, pru\u017eaju jedinstvenu kombinaciju karakteristika koje ih&#8230;<\/div><\/li>\n<li><div class=\"wp-block-latest-posts__featured-image\"><a href=\"https:\/\/podcast.rs\/en\/podcast-rs-vas-poziva-na-medijski-dizajn-sprint-the-circle-hub-belgrade\/\" aria-label=\"Podcast.rs vas poziva na medijski dizajn sprint The Circle Hub Belgrade\"><img decoding=\"async\" width=\"640\" height=\"427\" src=\"https:\/\/podcast.rs\/wp-content\/uploads\/2023\/10\/7.png\" class=\"attachment-large size-large wp-post-image\" alt=\"\" style=\"\" srcset=\"https:\/\/podcast.rs\/wp-content\/uploads\/2023\/10\/7.png 640w, https:\/\/podcast.rs\/wp-content\/uploads\/2023\/10\/7-300x200.png 300w, https:\/\/podcast.rs\/wp-content\/uploads\/2023\/10\/7-350x234.png 350w, https:\/\/podcast.rs\/wp-content\/uploads\/2023\/10\/7-400x267.png 400w\" sizes=\"(max-width: 640px) 100vw, 640px\" \/><\/a><\/div><a class=\"wp-block-latest-posts__post-title\" href=\"https:\/\/podcast.rs\/en\/podcast-rs-vas-poziva-na-medijski-dizajn-sprint-the-circle-hub-belgrade\/\">Podcast.rs vas poziva na medijski dizajn sprint The Circle Hub Belgrade<\/a><time datetime=\"2023-10-18T10:50:52+02:00\" class=\"wp-block-latest-posts__post-date\">18\/10\/2023<\/time><div class=\"wp-block-latest-posts__post-excerpt\">Zainteresovani medijski kreativci mogu da se prijave do 22.10.* za Design sprint u Beogradu!Podkast Podr\u0161ka je partner projekta\u00a0&#8222;The Circle Hubs&#8220;. Projekat\u00a0uspostavlja\u00a0osam\u00a0saradni\u010dkih medijskih centara u razli\u010ditim&#8230;<\/div><\/li>\n<li><div class=\"wp-block-latest-posts__featured-image\"><a href=\"https:\/\/podcast.rs\/en\/deset-koraka-pre-prve-epizode-podkasta\/\" aria-label=\"Deset koraka pre prve epizode podkasta\"><img loading=\"lazy\" decoding=\"async\" width=\"640\" height=\"427\" src=\"https:\/\/podcast.rs\/wp-content\/uploads\/2023\/09\/10-koraka2.png\" class=\"attachment-large size-large wp-post-image\" alt=\"10-koraka\" style=\"\" srcset=\"https:\/\/podcast.rs\/wp-content\/uploads\/2023\/09\/10-koraka2.png 640w, https:\/\/podcast.rs\/wp-content\/uploads\/2023\/09\/10-koraka2-300x200.png 300w, https:\/\/podcast.rs\/wp-content\/uploads\/2023\/09\/10-koraka2-350x234.png 350w, https:\/\/podcast.rs\/wp-content\/uploads\/2023\/09\/10-koraka2-400x267.png 400w\" sizes=\"(max-width: 640px) 100vw, 640px\" \/><\/a><\/div><a class=\"wp-block-latest-posts__post-title\" href=\"https:\/\/podcast.rs\/en\/deset-koraka-pre-prve-epizode-podkasta\/\">Deset koraka pre prve epizode podkasta<\/a><time datetime=\"2023-09-25T20:18:56+02:00\" class=\"wp-block-latest-posts__post-date\">25\/09\/2023<\/time><div class=\"wp-block-latest-posts__post-excerpt\">\ud83d\udc49Odredi koncept podkasta \u2013 prvo postavi ciljeve, a pre svega \u0161ta je ono \u0161to \u017eeli\u0161 da pru\u017ei\u0161 kao dodatnu vrednost publici. Odredi teme kojima \u0107e\u0161&#8230;<\/div><\/li>\n<li><div class=\"wp-block-latest-posts__featured-image\"><a href=\"https:\/\/podcast.rs\/en\/podcast-rs-na-jednom-mestu-okuplja-autore-iz-srbije-razgovaramo-sa-osnivacima\/\" aria-label=\"Podcast.rs na jednom mestu okuplja autore iz Srbije: Razgovaramo sa osniva\u010dima\"><img loading=\"lazy\" decoding=\"async\" width=\"1024\" height=\"682\" src=\"https:\/\/podcast.rs\/wp-content\/uploads\/2023\/05\/Podkast-2-1024x682.jpg\" class=\"attachment-large size-large wp-post-image\" alt=\"\" style=\"\" srcset=\"https:\/\/podcast.rs\/wp-content\/uploads\/2023\/05\/Podkast-2-1024x682.jpg 1024w, https:\/\/podcast.rs\/wp-content\/uploads\/2023\/05\/Podkast-2-300x200.jpg 300w, https:\/\/podcast.rs\/wp-content\/uploads\/2023\/05\/Podkast-2-768x512.jpg 768w, https:\/\/podcast.rs\/wp-content\/uploads\/2023\/05\/Podkast-2-350x233.jpg 350w, https:\/\/podcast.rs\/wp-content\/uploads\/2023\/05\/Podkast-2-800x533.jpg 800w, https:\/\/podcast.rs\/wp-content\/uploads\/2023\/05\/Podkast-2-400x266.jpg 400w, https:\/\/podcast.rs\/wp-content\/uploads\/2023\/05\/Podkast-2.jpg 1300w\" sizes=\"(max-width: 1024px) 100vw, 1024px\" \/><\/a><\/div><a class=\"wp-block-latest-posts__post-title\" href=\"https:\/\/podcast.rs\/en\/podcast-rs-na-jednom-mestu-okuplja-autore-iz-srbije-razgovaramo-sa-osnivacima\/\">Podcast.rs na jednom mestu okuplja autore iz Srbije: Razgovaramo sa osniva\u010dima<\/a><time datetime=\"2023-05-25T15:40:27+02:00\" class=\"wp-block-latest-posts__post-date\">25\/05\/2023<\/time><div class=\"wp-block-latest-posts__post-excerpt\">Originalan tekst objavljen u \u010dasopisu BIZLife 19.05.2023. U Srbiji je podkast tr\u017ei\u0161te jo\u0161 u razvoju, ali se bele\u017ei rast broja emisija, kao i sve ve\u0107i&#8230;<\/div><\/li>\n<li><div class=\"wp-block-latest-posts__featured-image\"><a href=\"https:\/\/podcast.rs\/en\/sluska-2023\/\" aria-label=\"SLU\u0160KA 2023.\"><img loading=\"lazy\" decoding=\"async\" width=\"640\" height=\"427\" src=\"https:\/\/podcast.rs\/wp-content\/uploads\/2023\/05\/sluska2023-blogimg.png\" class=\"attachment-large size-large wp-post-image\" alt=\"\" style=\"\" srcset=\"https:\/\/podcast.rs\/wp-content\/uploads\/2023\/05\/sluska2023-blogimg.png 640w, https:\/\/podcast.rs\/wp-content\/uploads\/2023\/05\/sluska2023-blogimg-300x200.png 300w, https:\/\/podcast.rs\/wp-content\/uploads\/2023\/05\/sluska2023-blogimg-350x234.png 350w, https:\/\/podcast.rs\/wp-content\/uploads\/2023\/05\/sluska2023-blogimg-400x267.png 400w\" sizes=\"(max-width: 640px) 100vw, 640px\" \/><\/a><\/div><a class=\"wp-block-latest-posts__post-title\" href=\"https:\/\/podcast.rs\/en\/sluska-2023\/\">SLU\u0160KA 2023.<\/a><time datetime=\"2023-05-22T18:11:04+02:00\" class=\"wp-block-latest-posts__post-date\">22\/05\/2023<\/time><div class=\"wp-block-latest-posts__post-excerpt\"><\/div><\/li>\n<li><div class=\"wp-block-latest-posts__featured-image\"><a href=\"https:\/\/podcast.rs\/en\/dinamika-objave-podkasta\/\" aria-label=\"DINAMIKA OBJAVE PODKASTA\"><img loading=\"lazy\" decoding=\"async\" width=\"640\" height=\"427\" src=\"https:\/\/podcast.rs\/wp-content\/uploads\/2021\/06\/6.png\" class=\"attachment-large size-large wp-post-image\" alt=\"objava podkasta\" style=\"\" srcset=\"https:\/\/podcast.rs\/wp-content\/uploads\/2021\/06\/6.png 640w, https:\/\/podcast.rs\/wp-content\/uploads\/2021\/06\/6-300x200.png 300w, https:\/\/podcast.rs\/wp-content\/uploads\/2021\/06\/6-350x234.png 350w, https:\/\/podcast.rs\/wp-content\/uploads\/2021\/06\/6-400x267.png 400w\" sizes=\"(max-width: 640px) 100vw, 640px\" \/><\/a><\/div><a class=\"wp-block-latest-posts__post-title\" href=\"https:\/\/podcast.rs\/en\/dinamika-objave-podkasta\/\">DINAMIKA OBJAVE PODKASTA<\/a><time datetime=\"2021-06-30T15:33:30+02:00\" class=\"wp-block-latest-posts__post-date\">30\/06\/2021<\/time><div class=\"wp-block-latest-posts__post-excerpt\">Dajte sebi dovoljno vremena da se pripremite i posvetite post-produkciji i marketingu<\/div><\/li>\n<li><div class=\"wp-block-latest-posts__featured-image\"><a href=\"https:\/\/podcast.rs\/en\/kako-odrediti-duzinu-podkasta\/\" aria-label=\"KAKO ODREDITI DU\u017dINU PODKASTA\"><img loading=\"lazy\" decoding=\"async\" width=\"640\" height=\"427\" src=\"https:\/\/podcast.rs\/wp-content\/uploads\/2021\/06\/5.png\" class=\"attachment-large size-large wp-post-image\" alt=\"\" style=\"\" srcset=\"https:\/\/podcast.rs\/wp-content\/uploads\/2021\/06\/5.png 640w, https:\/\/podcast.rs\/wp-content\/uploads\/2021\/06\/5-300x200.png 300w, https:\/\/podcast.rs\/wp-content\/uploads\/2021\/06\/5-350x234.png 350w, https:\/\/podcast.rs\/wp-content\/uploads\/2021\/06\/5-400x267.png 400w\" sizes=\"(max-width: 640px) 100vw, 640px\" \/><\/a><\/div><a class=\"wp-block-latest-posts__post-title\" href=\"https:\/\/podcast.rs\/en\/kako-odrediti-duzinu-podkasta\/\">KAKO ODREDITI DU\u017dINU PODKASTA<\/a><time datetime=\"2021-06-30T15:22:35+02:00\" class=\"wp-block-latest-posts__post-date\">30\/06\/2021<\/time><div class=\"wp-block-latest-posts__post-excerpt\">Na globalnoj sceni podjednako su uspe\u0161ni i prepoznatljivi autori \u010dije epizode traju do 30 minuta, kao i oni koji pred mikrofonima provedu i vi\u0161e sati.<\/div><\/li>\n<li><div class=\"wp-block-latest-posts__featured-image\"><a href=\"https:\/\/podcast.rs\/en\/meetup-1-podsavetujse-ivona-petrovic-dizajn-prica\/\" aria-label=\"MeetUp 1 #podsavetujse |  Ivona Petrovi\u0107 &#8211; Dizajn Pri\u010da\"><img loading=\"lazy\" decoding=\"async\" width=\"1024\" height=\"693\" src=\"https:\/\/podcast.rs\/wp-content\/uploads\/2021\/06\/unnamed-1024x693.png\" class=\"attachment-large size-large wp-post-image\" alt=\"\" style=\"\" srcset=\"https:\/\/podcast.rs\/wp-content\/uploads\/2021\/06\/unnamed-1024x693.png 1024w, https:\/\/podcast.rs\/wp-content\/uploads\/2021\/06\/unnamed-300x203.png 300w, https:\/\/podcast.rs\/wp-content\/uploads\/2021\/06\/unnamed-768x520.png 768w, https:\/\/podcast.rs\/wp-content\/uploads\/2021\/06\/unnamed-350x237.png 350w, https:\/\/podcast.rs\/wp-content\/uploads\/2021\/06\/unnamed-800x542.png 800w, https:\/\/podcast.rs\/wp-content\/uploads\/2021\/06\/unnamed-400x271.png 400w, https:\/\/podcast.rs\/wp-content\/uploads\/2021\/06\/unnamed.png 1536w\" sizes=\"(max-width: 1024px) 100vw, 1024px\" \/><\/a><\/div><a class=\"wp-block-latest-posts__post-title\" href=\"https:\/\/podcast.rs\/en\/meetup-1-podsavetujse-ivona-petrovic-dizajn-prica\/\">MeetUp 1 #podsavetujse |  Ivona Petrovi\u0107 &#8211; Dizajn Pri\u010da<\/a><time datetime=\"2021-06-28T18:13:19+02:00\" class=\"wp-block-latest-posts__post-date\">28\/06\/2021<\/time><div class=\"wp-block-latest-posts__post-excerpt\">Podcast.rs vas poziva na prvi online meet up za sve one koji \u017eele da po\u010dnu ili unaprede svoj podkast.<\/div><\/li>\n<li><div class=\"wp-block-latest-posts__featured-image\"><a href=\"https:\/\/podcast.rs\/en\/pripremite-dobar-podkast-intervju\/\" aria-label=\"PRIPREMITE DOBAR PODKAST INTERVJU\"><img loading=\"lazy\" decoding=\"async\" width=\"640\" height=\"427\" src=\"https:\/\/podcast.rs\/wp-content\/uploads\/2021\/06\/dobar-intervju-1.png\" class=\"attachment-large size-large wp-post-image\" alt=\"\" style=\"\" srcset=\"https:\/\/podcast.rs\/wp-content\/uploads\/2021\/06\/dobar-intervju-1.png 640w, https:\/\/podcast.rs\/wp-content\/uploads\/2021\/06\/dobar-intervju-1-300x200.png 300w, https:\/\/podcast.rs\/wp-content\/uploads\/2021\/06\/dobar-intervju-1-350x234.png 350w, https:\/\/podcast.rs\/wp-content\/uploads\/2021\/06\/dobar-intervju-1-400x267.png 400w\" sizes=\"(max-width: 640px) 100vw, 640px\" \/><\/a><\/div><a class=\"wp-block-latest-posts__post-title\" href=\"https:\/\/podcast.rs\/en\/pripremite-dobar-podkast-intervju\/\">PRIPREMITE DOBAR PODKAST INTERVJU<\/a><time datetime=\"2021-06-14T21:38:59+02:00\" class=\"wp-block-latest-posts__post-date\">14\/06\/2021<\/time><div class=\"wp-block-latest-posts__post-excerpt\">Da bi bili sigurni da \u0107e se va\u0161 podkast\/intervju ista\u0107i u odnosu na mnogobrojne, predla\u017eemo vam obratite pa\u017enju na slede\u0107e detalje<\/div><\/li>\n<li><div class=\"wp-block-latest-posts__featured-image\"><a href=\"https:\/\/podcast.rs\/en\/zasto-je-vreme-za-reklame-u-podkastima\/\" aria-label=\"ZA\u0160TO JE VREME ZA REKLAMIRANJE U PODKASTIMA\"><img loading=\"lazy\" decoding=\"async\" width=\"640\" height=\"427\" src=\"https:\/\/podcast.rs\/wp-content\/uploads\/2021\/06\/vreme-je-za-reklamiranje-u-podkasstima.png\" class=\"attachment-large size-large wp-post-image\" alt=\"\" style=\"\" srcset=\"https:\/\/podcast.rs\/wp-content\/uploads\/2021\/06\/vreme-je-za-reklamiranje-u-podkasstima.png 640w, https:\/\/podcast.rs\/wp-content\/uploads\/2021\/06\/vreme-je-za-reklamiranje-u-podkasstima-300x200.png 300w, https:\/\/podcast.rs\/wp-content\/uploads\/2021\/06\/vreme-je-za-reklamiranje-u-podkasstima-350x234.png 350w, https:\/\/podcast.rs\/wp-content\/uploads\/2021\/06\/vreme-je-za-reklamiranje-u-podkasstima-400x267.png 400w\" sizes=\"(max-width: 640px) 100vw, 640px\" \/><\/a><\/div><a class=\"wp-block-latest-posts__post-title\" href=\"https:\/\/podcast.rs\/en\/zasto-je-vreme-za-reklame-u-podkastima\/\">ZA\u0160TO JE VREME ZA REKLAMIRANJE U PODKASTIMA<\/a><time datetime=\"2021-06-09T08:53:45+02:00\" class=\"wp-block-latest-posts__post-date\">09\/06\/2021<\/time><div class=\"wp-block-latest-posts__post-excerpt\">Audio platforma Spotify i investiciona kompanija MAGNA objavili su studiju o ekspanziji digitalnog audio sadr\u017eaja, koja pokazuje koliko blisko slu\u0161anje podkasta odra\u017eava navike gledanja televizije&#8230;<\/div><\/li>\n<li><div class=\"wp-block-latest-posts__featured-image\"><a href=\"https:\/\/podcast.rs\/en\/kako-koristiti-show-notes\/\" aria-label=\"KAKO KORISTITI SHOW NOTES\"><img loading=\"lazy\" decoding=\"async\" width=\"640\" height=\"427\" src=\"https:\/\/podcast.rs\/wp-content\/uploads\/2021\/05\/Kako-koristiti-show-notes.png\" class=\"attachment-large size-large wp-post-image\" alt=\"\" style=\"\" srcset=\"https:\/\/podcast.rs\/wp-content\/uploads\/2021\/05\/Kako-koristiti-show-notes.png 640w, https:\/\/podcast.rs\/wp-content\/uploads\/2021\/05\/Kako-koristiti-show-notes-300x200.png 300w, https:\/\/podcast.rs\/wp-content\/uploads\/2021\/05\/Kako-koristiti-show-notes-350x234.png 350w, https:\/\/podcast.rs\/wp-content\/uploads\/2021\/05\/Kako-koristiti-show-notes-400x267.png 400w\" sizes=\"(max-width: 640px) 100vw, 640px\" \/><\/a><\/div><a class=\"wp-block-latest-posts__post-title\" href=\"https:\/\/podcast.rs\/en\/kako-koristiti-show-notes\/\">KAKO KORISTITI SHOW NOTES<\/a><time datetime=\"2021-05-26T14:10:38+02:00\" class=\"wp-block-latest-posts__post-date\">26\/05\/2021<\/time><div class=\"wp-block-latest-posts__post-excerpt\">Show notes, odnosno kratak opis svake epizode je bitan alat za privla\u010denje slu\u0161alaca i lak\u0161e pronala\u017eenje, odnosno izdvajanje podkasta u odnosu na ostale. Opis epizode je prvi utisak koji slu\u0161alac sti\u010de o sadr\u017eaju koji se nudi, naj\u010de\u0161\u0107e i pre nego \u0161to ga \u010duje, te uz op\u0161ti tekst o podkastu i cover (ilustraciju) predstavlja sastavni deo identiteta svakog podkasta.<\/div><\/li>\n<li><div class=\"wp-block-latest-posts__featured-image\"><a href=\"https:\/\/podcast.rs\/en\/osam-jednostavnih-saveta-za-bolji-zvuk-vaseg-podkasta\/\" aria-label=\"OSAM JEDNOSTAVNIH SAVETA ZA BOLJI ZVUK VA\u0160EG PODKASTA\"><img loading=\"lazy\" decoding=\"async\" width=\"640\" height=\"427\" src=\"https:\/\/podcast.rs\/wp-content\/uploads\/2021\/03\/8-saveta-za-bolji-zvuk.png\" class=\"attachment-large size-large wp-post-image\" alt=\"\" style=\"\" srcset=\"https:\/\/podcast.rs\/wp-content\/uploads\/2021\/03\/8-saveta-za-bolji-zvuk.png 640w, https:\/\/podcast.rs\/wp-content\/uploads\/2021\/03\/8-saveta-za-bolji-zvuk-300x200.png 300w, https:\/\/podcast.rs\/wp-content\/uploads\/2021\/03\/8-saveta-za-bolji-zvuk-350x234.png 350w, https:\/\/podcast.rs\/wp-content\/uploads\/2021\/03\/8-saveta-za-bolji-zvuk-400x267.png 400w\" sizes=\"(max-width: 640px) 100vw, 640px\" \/><\/a><\/div><a class=\"wp-block-latest-posts__post-title\" href=\"https:\/\/podcast.rs\/en\/osam-jednostavnih-saveta-za-bolji-zvuk-vaseg-podkasta\/\">OSAM JEDNOSTAVNIH SAVETA ZA BOLJI ZVUK VA\u0160EG PODKASTA<\/a><time datetime=\"2021-03-30T21:58:35+02:00\" class=\"wp-block-latest-posts__post-date\">30\/03\/2021<\/time><div class=\"wp-block-latest-posts__post-excerpt\">Ako sami producirate va\u0161 podkast najverovatnije niste u mogu\u0107nosti da snimate u idealnim, studijskim uslovima. Kupovinom adekvatne opreme i pravilnim kori\u0161\u0107enjem softvera mo\u017eete unaprediti kvalitet&#8230;.<\/div><\/li>\n<li><div class=\"wp-block-latest-posts__featured-image\"><a href=\"https:\/\/podcast.rs\/en\/100-podkasta-na-portalu-podcast-rs\/\" aria-label=\"100 podkasta na portalu Podcast.rs\"><img loading=\"lazy\" decoding=\"async\" width=\"1024\" height=\"576\" src=\"https:\/\/podcast.rs\/wp-content\/uploads\/2020\/08\/100-podkasta-576x.jpg\" class=\"attachment-large size-large wp-post-image\" alt=\"\" style=\"\" srcset=\"https:\/\/podcast.rs\/wp-content\/uploads\/2020\/08\/100-podkasta-576x.jpg 1024w, https:\/\/podcast.rs\/wp-content\/uploads\/2020\/08\/100-podkasta-576x-300x169.jpg 300w, https:\/\/podcast.rs\/wp-content\/uploads\/2020\/08\/100-podkasta-576x-768x432.jpg 768w, https:\/\/podcast.rs\/wp-content\/uploads\/2020\/08\/100-podkasta-576x-350x197.jpg 350w, https:\/\/podcast.rs\/wp-content\/uploads\/2020\/08\/100-podkasta-576x-800x450.jpg 800w, https:\/\/podcast.rs\/wp-content\/uploads\/2020\/08\/100-podkasta-576x-400x225.jpg 400w\" sizes=\"(max-width: 1024px) 100vw, 1024px\" \/><\/a><\/div><a class=\"wp-block-latest-posts__post-title\" href=\"https:\/\/podcast.rs\/en\/100-podkasta-na-portalu-podcast-rs\/\">100 podkasta na portalu Podcast.rs<\/a><time datetime=\"2020-08-19T20:06:31+02:00\" class=\"wp-block-latest-posts__post-date\">19\/08\/2020<\/time><div class=\"wp-block-latest-posts__post-excerpt\">Dragi slu\u0161aoci, autori i partneri, Na portalu podcast.rs od danas mo\u017eete slu\u0161ati \u010dak 100 doma\u0107ih i regionalnih podkasta!&nbsp; Kada god po\u017eelite, sa bilo kog ure\u0111aja,&#8230;<\/div><\/li>\n<li><div class=\"wp-block-latest-posts__featured-image\"><a href=\"https:\/\/podcast.rs\/en\/nezavisni-mediji-zavise-od-tebe\/\" aria-label=\"Nezavisni mediji zavise od tebe!\"><img loading=\"lazy\" decoding=\"async\" width=\"1024\" height=\"576\" src=\"https:\/\/podcast.rs\/wp-content\/uploads\/2020\/08\/nezavisni-mediji.jpg\" class=\"attachment-large size-large wp-post-image\" alt=\"\" style=\"\" srcset=\"https:\/\/podcast.rs\/wp-content\/uploads\/2020\/08\/nezavisni-mediji.jpg 1024w, https:\/\/podcast.rs\/wp-content\/uploads\/2020\/08\/nezavisni-mediji-300x169.jpg 300w, https:\/\/podcast.rs\/wp-content\/uploads\/2020\/08\/nezavisni-mediji-768x432.jpg 768w, https:\/\/podcast.rs\/wp-content\/uploads\/2020\/08\/nezavisni-mediji-350x197.jpg 350w, https:\/\/podcast.rs\/wp-content\/uploads\/2020\/08\/nezavisni-mediji-800x450.jpg 800w, https:\/\/podcast.rs\/wp-content\/uploads\/2020\/08\/nezavisni-mediji-400x225.jpg 400w\" sizes=\"(max-width: 1024px) 100vw, 1024px\" \/><\/a><\/div><a class=\"wp-block-latest-posts__post-title\" href=\"https:\/\/podcast.rs\/en\/nezavisni-mediji-zavise-od-tebe\/\">Nezavisni mediji zavise od tebe!<\/a><time datetime=\"2020-08-10T11:38:29+02:00\" class=\"wp-block-latest-posts__post-date\">10\/08\/2020<\/time><div class=\"wp-block-latest-posts__post-excerpt\">Pokrenuta je kampanja za podr\u0161ku odr\u017eivom poslovanju medija u Srbiji pod nazivom \u201eNezavisni mediji zavise od tebe!\u201d, a \u010diji je cilj informisanje i edukacija gra\u0111ana&#8230;<\/div><\/li>\n<\/ul>\n\n\n<p><\/p>\n<\/div>\n<\/div>\n\n\n\n<h2 class=\"has-text-align-center wp-block-heading\">Prijavi se za na\u0161 Newsletter<\/h2>\n\n\n\n<p class=\"has-text-align-center\">Svi\u0111a ti se sadr\u017eaj Podcast.rs sajta?<br>Prijavi se na na\u0161u mailing listu i budi me\u0111u prvima koji \u0107e biti obave\u0161teni o novim podkastima.<\/p>\n\n\n\n<div class=\"wp-block-columns is-layout-flex wp-container-core-columns-is-layout-9d6595d7 wp-block-columns-is-layout-flex\">\n<div class=\"wp-block-column is-layout-flow wp-block-column-is-layout-flow\" style=\"flex-basis:25%\"><\/div>\n\n\n\n<div class=\"wp-block-column is-layout-flow wp-block-column-is-layout-flow\" style=\"flex-basis:50%\">\n            <div id=\"mailerlite-form_1\" data-temp-id=\"69f3130850e1d\">\n                <div class=\"mailerlite-form\">\n                    <form action=\"\" method=\"post\" novalidate>\n                                                    <div class=\"mailerlite-form-title\"><h3>Newsletter<\/h3><\/div>\n                                                <div class=\"mailerlite-form-description\"><\/div>\n                        <div class=\"mailerlite-form-inputs\">\n                                                                                            <div class=\"mailerlite-form-field\">\n                                    <label for=\"mailerlite-1-field-email\">Email<\/label>\n                                    <input id=\"mailerlite-1-field-email\"\n                                           type=\"email\" required=\"required\"                                            name=\"form_fields[email]\"\n                                           placeholder=\"Email\"\/>\n                                <\/div>\n                                                        <div class=\"mailerlite-form-loader\">Molimo sa\u010dekajte...<\/div>\n                            <div class=\"mailerlite-subscribe-button-container\">\n                                <button class=\"mailerlite-subscribe-submit\" type=\"submit\">\n                                    Prijavi se                                <\/button>\n                            <\/div>\n                            <input type=\"hidden\" name=\"form_id\" value=\"1\"\/>\n                            <input type=\"hidden\" name=\"action\" value=\"mailerlite_subscribe_form\"\/>\n                            <input type=\"hidden\" name=\"ml_nonce\" value=\"aeb4e5078f\"\/>\n                        <\/div>\n                        <div class=\"mailerlite-form-response\">\n                                                            <h4><p><span style=\"color: #339966\">Hvala Vam \u0161to ste se prijavili!<\/span><\/p>\n<\/h4>\n                                                    <\/div>\n                    <\/form>\n                <\/div>\n            <\/div>\n        <script type=\"text\/javascript\" src='https:\/\/podcast.rs\/wp-content\/plugins\/official-mailerlite-sign-up-forms\/assets\/js\/localization\/validation-messages.js'><\/script>\n         <script type=\"text\/javascript\"> var selectedLanguage = \"\"; var validationMessages = messages[\"en\"]; if(selectedLanguage) { validationMessages = messages[selectedLanguage]; } window.addEventListener(\"load\", function () { var form_container = document.querySelector(`#mailerlite-form_1[data-temp-id=\"69f3130850e1d\"] form`); let submitButton = form_container.querySelector('.mailerlite-subscribe-submit'); submitButton.disabled = true; fetch('https:\/\/podcast.rs\/wp-admin\/admin-ajax.php', { method: 'POST', headers:{ 'Content-Type': 'application\/x-www-form-urlencoded', }, body: new URLSearchParams({ \"action\" : \"ml_create_nonce\", \"ml_nonce\" : form_container.querySelector(\"input[name='ml_nonce']\").value }) }) .then((response) => response.json()) .then((json) => { if(json.success) { form_container.querySelector(\"input[name='ml_nonce']\").value = json.data.ml_nonce; submitButton.disabled = false; } }) .catch((error) => { console.error('Error:', error); }); form_container.addEventListener('submit', (e) => { e.preventDefault(); let data = new URLSearchParams(new FormData(form_container)).toString(); let validationError = false; document.querySelectorAll('.mailerlite-form-error').forEach(el => el.remove()); Array.from(form_container.elements).forEach((input) => { if(input.type !== 'hidden') { if(input.required) { if(input.value == '') { validationError = true; let error = document.createElement(\"span\"); error.className = 'mailerlite-form-error'; error.textContent = validationMessages.required; input.after(error); return false; } } if((input.type == \"email\") && (!validateEmail(input.value))) { validationError = true; let error = document.createElement(\"span\"); error.className = 'mailerlite-form-error'; error.textContent = validationMessages.email; input.after(error); return false; } } }); if(validationError) { return false; } fade.out(form_container.querySelector('.mailerlite-subscribe-button-container'), () => { fade.in(form_container.querySelector('.mailerlite-form-loader')); }); fetch('https:\/\/podcast.rs\/wp-admin\/admin-ajax.php', { method: 'POST', headers:{ 'Content-Type': 'application\/x-www-form-urlencoded', }, body: data }) .then((response) => { fade.out(form_container.querySelector('.mailerlite-form-inputs'), () => { fade.in(form_container.querySelector('.mailerlite-form-response')); }); }) .catch((error) => { console.error('Error:', error); }); }); }, false); var fade = { out: function(el, fn = false) { var fadeOutEffect = setInterval(function () { if (!el.style.opacity) { el.style.opacity = 1; } if (el.style.opacity > 0) { el.style.opacity -= 0.1; } else { el.style.display = 'none'; clearInterval(fadeOutEffect); } }, 50); if( typeof (fn) == 'function') { fn(); } }, in: function(el) { var fadeInEffect = setInterval(function () { if (!el.style.opacity) { el.style.opacity = 0; } if (el.style.opacity < 1) { el.style.opacity = Number(el.style.opacity) + 0.1; } else { el.style.display = 'block'; clearInterval(fadeInEffect); } }, 50); } }; function validateEmail(email){ if(email.match( \/^(([^<>()[\\]\\\\.,;:\\s@\\\"]+(\\.[^<>()[\\]\\\\.,;:\\s@\\\"]+)*)|(\\\".+\\\"))@((\\[[0-9]{1,3}\\.[0-9]{1,3}\\.[0-9]{1,3}\\.[0-9]{1,3}\\])|(([a-zA-Z\\-0-9]+\\.)+[a-zA-Z]{2,}))$\/ )) { return true; } return false; } <\/script> \n<\/div>\n\n\n\n<div class=\"wp-block-column is-layout-flow wp-block-column-is-layout-flow\" style=\"flex-basis:25%\"><\/div>\n<\/div>\n","protected":false},"excerpt":{"rendered":"<p>Prijavi se za na\u0161 Newsletter Svi\u0111a ti se sadr\u017eaj Podcast.rs sajta?Prijavi se na na\u0161u mailing listu i budi me\u0111u prvima koji \u0107e biti obave\u0161teni o novim podkastima.<\/p>","protected":false},"author":3,"featured_media":0,"parent":0,"menu_order":0,"comment_status":"closed","ping_status":"closed","template":"","meta":{"footnotes":""},"class_list":["post-33696","page","type-page","status-publish","hentry"],"_links":{"self":[{"href":"https:\/\/podcast.rs\/en\/wp-json\/wp\/v2\/pages\/33696","targetHints":{"allow":["GET"]}}],"collection":[{"href":"https:\/\/podcast.rs\/en\/wp-json\/wp\/v2\/pages"}],"about":[{"href":"https:\/\/podcast.rs\/en\/wp-json\/wp\/v2\/types\/page"}],"author":[{"embeddable":true,"href":"https:\/\/podcast.rs\/en\/wp-json\/wp\/v2\/users\/3"}],"replies":[{"embeddable":true,"href":"https:\/\/podcast.rs\/en\/wp-json\/wp\/v2\/comments?post=33696"}],"version-history":[{"count":1,"href":"https:\/\/podcast.rs\/en\/wp-json\/wp\/v2\/pages\/33696\/revisions"}],"predecessor-version":[{"id":55050,"href":"https:\/\/podcast.rs\/en\/wp-json\/wp\/v2\/pages\/33696\/revisions\/55050"}],"wp:attachment":[{"href":"https:\/\/podcast.rs\/en\/wp-json\/wp\/v2\/media?parent=33696"}],"curies":[{"name":"wp","href":"https:\/\/api.w.org\/{rel}","templated":true}]}}